{"id":1188,"date":"2023-01-16T12:02:50","date_gmt":"2023-01-16T12:02:50","guid":{"rendered":"https:\/\/anima-care.fr\/?page_id=1188"},"modified":"2024-01-15T11:35:10","modified_gmt":"2024-01-15T10:35:10","slug":"demarches-et-formations","status":"publish","type":"page","link":"https:\/\/anima-care.fr\/veterinaire\/demarches-et-formations\/","title":{"rendered":"D\u00e9marche et Formations"},"content":{"rendered":"    <section class=\"\" title=\"\">\n        <div class=\"header--paralax\">\n            <div class=\"banner__container\">\n                <div class=\"banner__container--information\">\n                                                        <\/div>\n                <div class=\"d-none d-sm-block\">\n                    <svg width=\"1440\" height=\"540\" viewBox=\"0 0 1440 540\" fill=\"none\" xmlns=\"http:\/\/www.w3.org\/2000\/svg\"\n                         style=\"height: 100%; width: 100%;\">\n                        <path d=\"M1440 237.182V495.643C1419.98 484.699 1398.98 474.428 1376.89 464.99C1173.35 377.98 924.631 380.781 637.646 473.307C341.312 568.858 139.894 538.501 31.6642 522.222C20.4534 520.543 9.75398 519.117 0 518.017V0H1440V237.182Z\"\n                              fill=\"url(#breadcrumb)\"\/>\n                        <defs>\n                            <pattern id=\"breadcrumb\" patternUnits=\"userSpaceOnUse\" width=\"100%\" height=\"100%\">\n                                <image href=\"https:\/\/anima-care.fr\/app\/uploads\/sites\/2\/2023\/03\/iStock-863553004-1440x540.jpg\"\n                                       x=\"0\"\n                                       y=\"0\" width=\"100%\" height=\"100%\"\/>\n                            <\/pattern>\n                        <\/defs>\n                    <\/svg>\n                <\/div>\n                <div class=\"d-sm-none\">\n                    <svg width=\"320\" height=\"258\" viewBox=\"0 0 320 258\" fill=\"none\" xmlns=\"http:\/\/www.w3.org\/2000\/svg\"\n                         style=\"height: 100%; width: 100%;\">\n                        <defs>\n                            <pattern id=\"img1\" patternUnits=\"userSpaceOnUse\" width=\"100%\" height=\"100%\">\n                                <image href=\"https:\/\/anima-care.fr\/app\/uploads\/sites\/2\/2023\/03\/iStock-863553004-640x516.jpg\"\n                                       x=\"0\" y=\"0\" width=\"100%\" height=\"100%\"\/>\n                            <\/pattern>\n                        <\/defs>\n                        <path d=\"M320 196.892V249.049C315.551 246.84 310.884 244.768 305.976 242.863C260.745 225.305 205.474 225.87 141.699 244.541C75.8471 263.823 31.0875 257.697 7.0365 254.412C4.54521 254.074 2.16755 253.786 0 253.564V0H320V196.892Z\"\n                              fill=\"url(#img1)\"\/>\n                    <\/svg>\n                <\/div>\n                <section class=\"breadcrumb__container breadcrumb__mobile\"><div class=\"breadcrumb\" aria-label=\"Breadcrumb\"><i class=\"fa-duotone fa-inverse fa-house-blank\"><\/i><\/ol><\/section>            <\/div>\n        <\/div>\n    <\/section> \n\n<section class=\"hide__mobile-header breadcrumb__container\"><div class=\"breadcrumb\" aria-label=\"Breadcrumb\"><i class=\"fa-duotone fa-inverse fa-house-blank\"><\/i><\/ol><\/section>\n\n<section class='title__subtitle-container' aria-label='D\u00e9marche et formations Anima Care'><h1 class='font-size__giga font-weight__bold font-alignment__center font-familly__urban font-color__ margin-bottom__base  margin-bottom-xs__base ' style='line-height:39px;'>D\u00e9marche et formations Anima Care<\/h1><div class='font-size__hecto font-weight__medium font-alignment__center font-familly__gotham font-color__ title__subtitle-subtitle description' style='line-height:28px;'>La d\u00e9marche <a href=\"https:\/\/anima-care.fr\/veterinaire\/\" target=\"_blank\" rel=\"noreferrer noopener\">Anima Care<\/a> objective d\u2019enrichir les parcours de l\u2019animal et de la famille lors de la prise en charge de la fin de vie. Ainsi, des supports p\u00e9dagogiques et des dispositifs de formation sp\u00e9cifiques ont \u00e9t\u00e9 d\u00e9velopp\u00e9s pour permettre aux <a href=\"https:\/\/anima-care.fr\/veterinaire\/devenir-partenaire\/\" target=\"_blank\" rel=\"noreferrer noopener\">\u00e9tablissements v\u00e9t\u00e9rinaires<\/a> d\u2019institutionaliser cette activit\u00e9 souvent d\u00e9licate pour les professionnels.<\/div><\/section>\n\n<section class='title__subtitle-container' aria-label='La d\u00e9marche Anima Care'><h2 class='font-size__mega font-weight__medium font-alignment__center font-familly__urban font-color__primary-medium margin-bottom__base  margin-bottom-xs__base title__subtitle-title' style='line-height:33px;'>La d\u00e9marche Anima Care<\/h2><\/section>\n\n\n<section data-tag=\"\" class=\"container container--white box--border border--shadow  raz-pt  raz-mt \n        \n        \"><section class='title__subtitle-container' aria-label=''><div class='font-size__hecto font-weight__medium font-alignment__center font-familly__gotham font-color__primary-medium title__subtitle-subtitle description' style='line-height:28px;'>Les huit \u00e9tapes cl\u00e9s<\/div><\/section>\n\n\r\n        <div class='card--image--v1'>\r\n            <img style='object-fit:cover;border-radius:10px;max-height:1137px;display:block;margin:auto;' src='https:\/\/anima-care.fr\/app\/uploads\/sites\/2\/2023\/11\/demarche_formations_animacare_shema.png' alt='' loading='lazy'\/>\r\n        <\/div>\r\n    \n\n\n<section class=\"separator--sm  \"><\/section>\n\n\n<section class='title__subtitle-container' aria-label=''><div class='font-size__base font-weight__regular font-alignment__center font-familly__gotham font-color__ title__subtitle-subtitle description' style='line-height:28px;'>Cabinet, clinique ou h\u00f4pital v\u00e9t\u00e9rinaire\u2026 la <a href=\"https:\/\/anima-care.fr\/veterinaire\/demarches-et-formations\/demarche\/\" target=\"_blank\" rel=\"noreferrer noopener\">d\u00e9marche Anima Care<\/a> permet de cr\u00e9er un service d\u00e9di\u00e9 \u00e0 la prise en charge de la fin de vie des animaux de compagnie. L\u2019id\u00e9e est qu\u2019\u00e0 chacune des huit \u00e9tapes, les professionnels puissent s\u2019appuyer sur des consommables adapt\u00e9s et mettre en \u0153uvre une communication optimale.<\/div><\/section>\n\n\n<div class=\"wp-block-funecap-sca-sca-button aligncenter\"><a href=\"https:\/\/anima-care.fr\/veterinaire\/demarches-et-formations\/demarche\/\" class=\"rf-btn-link\">En savoir plus<i class=\"fa-solid fa-circle-chevron-right\"><\/i><\/a><\/div>\n<\/section>\n\n\n<section class='title__subtitle-container' aria-label='Les formations d\u2019Anima Care'><h2 class='font-size__mega font-weight__regular font-alignment__center font-familly__urban font-color__primary-medium margin-bottom__base  margin-bottom-xs__base title__subtitle-title' style='line-height:33px;'>Les formations d\u2019Anima Care<\/h2><\/section>\n\n\n<section class=\"container formation-padding\"><div class=\"row row-formation\">\n<div class=\"col-md-6  col-sm-12 col-xs-12 \"><div class=\"container-formation\"><div class=\"formation-titre\"><h3 class=\"formation-titre\">Webinaires Anima Care<\/h3><\/div><div class=\"img-formation\"><img decoding=\"async\" class=\"image\" src=\"https:\/\/anima-care.fr\/app\/uploads\/sites\/2\/2023\/11\/people_devenir_partenaire_formation_webinaire.jpg\" alt=\"\"\/><\/div><div class=\"formation-description\"><p class=\"formation-description\">Des <a href=\"https:\/\/anima-care.fr\/veterinaire\/demarches-et-formations\/webinaire\/\" target=\"_blank\" rel=\"noreferrer noopener\">webinaires p\u00e9riodiques<\/a> ou \u00e0 la demande dirig\u00e9s par un expert du fun\u00e9raire animalier et consacr\u00e9s \u00e0 l\u2019accompagnement de la fin de vie des animaux de compagnie.<\/p><\/div><div class=\"\"><div><section class='btn__section'><div class=''><a href='Webinaire'  class='btn__level3--b2b btn--small'  target=_self ><span class='title'>En savoir plus<\/span><img src='https:\/\/anima-care.fr\/app\/uploads\/sites\/2\/2023\/03\/Vector-2.svg' alt='icon' class='btn-image' ' loading='lazy'\/><\/a><\/div><\/section><\/div><\/div><\/div><\/div>\n\n\n\n<div class=\"col-md-6  col-sm-12 col-xs-12 \"><div class=\"container-formation\"><div class=\"formation-titre\"><h3 class=\"formation-titre\">Programme de formation Premium<\/h3><\/div><div class=\"img-formation\"><img decoding=\"async\" class=\"image\" src=\"https:\/\/anima-care.fr\/app\/uploads\/2023\/03\/people_devenir_partenaire_formation_premium.jpg\" alt=\"\"\/><\/div><div class=\"formation-description\"><p class=\"formation-description\">Une <a href=\"https:\/\/anima-care.fr\/veterinaire\/formations\/\" target=\"_blank\" rel=\"noreferrer noopener\">formation intra ou inter-entreprise<\/a> afin d\u2019accompagner pas \u00e0 pas les \u00e9quipes v\u00e9t\u00e9rinaires dans la cr\u00e9ation d\u2019un service de fin de vie \u00e0 l\u2019image des valeurs et des pratiques de l\u2019\u00e9tablissement.<\/p><\/div><div class=\"\"><div><section class='btn__section'><div class=''><a href='Programme premium'  class='btn__level3--b2b btn--small'  target=_self ><span class='title'>En savoir plus<\/span><img src='https:\/\/anima-care.fr\/app\/uploads\/sites\/2\/2023\/03\/Vector-2.svg' alt='icon' class='btn-image' ' loading='lazy'\/><\/a><\/div><\/section><\/div><\/div><\/div><\/div>\n\n\n\n<div class=\"col-md-6  col-sm-12 col-xs-12 \"><div class=\"container-formation\"><div class=\"formation-titre\"><h3 class=\"formation-titre\">E-learning Anima Care<\/h3><\/div><div class=\"img-formation\"><img decoding=\"async\" class=\"image\" src=\"https:\/\/anima-care.fr\/app\/uploads\/2023\/03\/homme_devenir_partenaire_formation_elearning.jpg\" alt=\"\"\/><\/div><div class=\"formation-description\"><p class=\"formation-description\">Des supports vari\u00e9s et interactifs, des modules au format court pour permettre \u00e0 chacun de se questionner et de se former \u00e0 son rythme, en toute autonomie, sur les sujets de la fin de vie.<\/p><\/div><div class=\"\"><div><section class='btn__section'><div class=''><a href='E-learning'  class='btn__level3--b2b btn--small'  target=_self ><span class='title'>En savoir plus<\/span><img src='https:\/\/anima-care.fr\/app\/uploads\/sites\/2\/2023\/03\/Vector-2.svg' alt='icon' class='btn-image' ' loading='lazy'\/><\/a><\/div><\/section><\/div><\/div><\/div><\/div>\n\n\n\n<div class=\"col-md-6  col-sm-12 col-xs-12 \"><div class=\"container-formation\"><div class=\"formation-titre\"><h3 class=\"formation-titre\">Ressources Documentaires<\/h3><\/div><div class=\"img-formation\"><img decoding=\"async\" class=\"image\" src=\"https:\/\/anima-care.fr\/app\/uploads\/sites\/2\/2023\/11\/demarche_formations_animacare_ressources_biblio-1.jpg\" alt=\"\"\/><\/div><div class=\"formation-description\"><p class=\"formation-description\">Un ensemble de <a href=\"https:\/\/anima-care.fr\/veterinaire\/demarches-et-formations\/ressources-bibliographiques\/\" target=\"_blank\" rel=\"noreferrer noopener\">ressources bibliographiques<\/a> (articles scientifiques, th\u00e8ses v\u00e9t\u00e9rinaires\u2026) et de notes de lecture mis gratuitement \u00e0 la disposition des \u00e9quipes v\u00e9t\u00e9rinaires partenaires.<\/p><\/div><div class=\"\"><div><section class='btn__section'><div class=''><a href='Ressources bibliographiques'  class='btn__level3--b2b btn--small'  target=_self ><span class='title'>En savoir plus<\/span><img src='https:\/\/anima-care.fr\/app\/uploads\/sites\/2\/2023\/03\/Vector-2.svg' alt='icon' class='btn-image' ' loading='lazy'\/><\/a><\/div><\/section><\/div><\/div><\/div><\/div>\n<\/div><\/section>\n\n\n\n<section class=\"separator--sm  \"><\/section>\n","protected":false},"excerpt":{"rendered":"","protected":false},"author":1,"featured_media":6498,"parent":0,"menu_order":0,"comment_status":"closed","ping_status":"closed","template":"","meta":[],"acf":[],"yoast_head":"<!-- This site is optimized with the Yoast SEO plugin v20.12 - https:\/\/yoast.com\/wordpress\/plugins\/seo\/ -->\n<title>D\u00e9marche Anima Care et formations v\u00e9t\u00e9rinaires \u2013 Anima Care<\/title>\n<meta name=\"description\" content=\"S\u2019informer sur notre d\u00e9marche et les outils de formation pour les v\u00e9t\u00e9rinaires (webinaire, e-learning, ressources bibliographiques\u2026) \u2705 Anima Care\" \/>\n<meta name=\"robots\" content=\"index, follow, max-snippet:-1, max-image-preview:large, max-video-preview:-1\" \/>\n<link rel=\"canonical\" href=\"https:\/\/anima-care.fr\/veterinaire\/demarches-et-formations\/\" \/>\n<meta property=\"og:locale\" content=\"fr_FR\" \/>\n<meta property=\"og:type\" content=\"article\" \/>\n<meta property=\"og:title\" content=\"D\u00e9marche Anima Care et formations v\u00e9t\u00e9rinaires \u2013 Anima Care\" \/>\n<meta property=\"og:description\" content=\"S\u2019informer sur notre d\u00e9marche et les outils de formation pour les v\u00e9t\u00e9rinaires (webinaire, e-learning, ressources bibliographiques\u2026) \u2705 Anima Care\" \/>\n<meta property=\"og:url\" content=\"https:\/\/anima-care.fr\/veterinaire\/demarches-et-formations\/\" \/>\n<meta property=\"og:site_name\" content=\"Anima Care Pro\" \/>\n<meta property=\"article:modified_time\" content=\"2024-01-15T10:35:10+00:00\" \/>\n<meta property=\"og:image\" content=\"https:\/\/anima-care.fr\/app\/uploads\/sites\/2\/2023\/03\/iStock-863553004.jpg\" \/>\n\t<meta property=\"og:image:width\" content=\"1440\" \/>\n\t<meta property=\"og:image:height\" content=\"960\" \/>\n\t<meta property=\"og:image:type\" content=\"image\/jpeg\" \/>\n<meta name=\"twitter:card\" content=\"summary_large_image\" \/>\n<meta name=\"twitter:label1\" content=\"Dur\u00e9e de lecture estim\u00e9e\" \/>\n\t<meta name=\"twitter:data1\" content=\"2 minutes\" \/>\n<script type=\"application\/ld+json\" class=\"yoast-schema-graph\">{\"@context\":\"https:\/\/schema.org\",\"@graph\":[{\"@type\":\"WebPage\",\"@id\":\"https:\/\/anima-care.fr\/veterinaire\/demarches-et-formations\/\",\"url\":\"https:\/\/anima-care.fr\/veterinaire\/demarches-et-formations\/\",\"name\":\"D\u00e9marche Anima Care et formations v\u00e9t\u00e9rinaires \u2013 Anima Care\",\"isPartOf\":{\"@id\":\"https:\/\/anima-care.fr\/veterinaire\/#website\"},\"datePublished\":\"2023-01-16T12:02:50+00:00\",\"dateModified\":\"2024-01-15T10:35:10+00:00\",\"description\":\"S\u2019informer sur notre d\u00e9marche et les outils de formation pour les v\u00e9t\u00e9rinaires (webinaire, e-learning, ressources bibliographiques\u2026) \u2705 Anima Care\",\"breadcrumb\":{\"@id\":\"https:\/\/anima-care.fr\/veterinaire\/demarches-et-formations\/#breadcrumb\"},\"inLanguage\":\"fr-FR\",\"potentialAction\":[{\"@type\":\"ReadAction\",\"target\":[\"https:\/\/anima-care.fr\/veterinaire\/demarches-et-formations\/\"]}]},{\"@type\":\"BreadcrumbList\",\"@id\":\"https:\/\/anima-care.fr\/veterinaire\/demarches-et-formations\/#breadcrumb\",\"itemListElement\":[{\"@type\":\"ListItem\",\"position\":1,\"name\":\"Home\",\"item\":\"https:\/\/anima-care.fr\/veterinaire\"},{\"@type\":\"ListItem\",\"position\":2,\"name\":\"D\u00e9marche et Formations\"}]},{\"@type\":\"WebSite\",\"@id\":\"https:\/\/anima-care.fr\/veterinaire\/#website\",\"url\":\"https:\/\/anima-care.fr\/veterinaire\/\",\"name\":\"Anima Care Pro\",\"description\":\"\",\"publisher\":{\"@id\":\"https:\/\/anima-care.fr\/veterinaire\/#organization\"},\"potentialAction\":[{\"@type\":\"SearchAction\",\"target\":{\"@type\":\"EntryPoint\",\"urlTemplate\":\"https:\/\/anima-care.fr\/veterinaire\/?s={search_term_string}\"},\"query-input\":\"required name=search_term_string\"}],\"inLanguage\":\"fr-FR\"},{\"@type\":\"Organization\",\"@id\":\"https:\/\/anima-care.fr\/veterinaire\/#organization\",\"name\":\"Anima Care Pro\",\"url\":\"https:\/\/anima-care.fr\/veterinaire\/\",\"logo\":{\"@type\":\"ImageObject\",\"inLanguage\":\"fr-FR\",\"@id\":\"https:\/\/anima-care.fr\/veterinaire\/#\/schema\/logo\/image\/\",\"url\":\"https:\/\/anima-care.fr\/app\/uploads\/sites\/2\/2023\/07\/logo-animacare.svg\",\"contentUrl\":\"https:\/\/anima-care.fr\/app\/uploads\/sites\/2\/2023\/07\/logo-animacare.svg\",\"width\":235,\"height\":99,\"caption\":\"Anima Care Pro\"},\"image\":{\"@id\":\"https:\/\/anima-care.fr\/veterinaire\/#\/schema\/logo\/image\/\"}}]}<\/script>\n<!-- \/ Yoast SEO plugin. -->","yoast_head_json":{"title":"D\u00e9marche Anima Care et formations v\u00e9t\u00e9rinaires \u2013 Anima Care","description":"S\u2019informer sur notre d\u00e9marche et les outils de formation pour les v\u00e9t\u00e9rinaires (webinaire, e-learning, ressources bibliographiques\u2026) \u2705 Anima Care","robots":{"index":"index","follow":"follow","max-snippet":"max-snippet:-1","max-image-preview":"max-image-preview:large","max-video-preview":"max-video-preview:-1"},"canonical":"https:\/\/anima-care.fr\/veterinaire\/demarches-et-formations\/","og_locale":"fr_FR","og_type":"article","og_title":"D\u00e9marche Anima Care et formations v\u00e9t\u00e9rinaires \u2013 Anima Care","og_description":"S\u2019informer sur notre d\u00e9marche et les outils de formation pour les v\u00e9t\u00e9rinaires (webinaire, e-learning, ressources bibliographiques\u2026) \u2705 Anima Care","og_url":"https:\/\/anima-care.fr\/veterinaire\/demarches-et-formations\/","og_site_name":"Anima Care Pro","article_modified_time":"2024-01-15T10:35:10+00:00","og_image":[{"width":1440,"height":960,"url":"https:\/\/anima-care.fr\/app\/uploads\/sites\/2\/2023\/03\/iStock-863553004.jpg","type":"image\/jpeg"}],"twitter_card":"summary_large_image","twitter_misc":{"Dur\u00e9e de lecture estim\u00e9e":"2 minutes"},"schema":{"@context":"https:\/\/schema.org","@graph":[{"@type":"WebPage","@id":"https:\/\/anima-care.fr\/veterinaire\/demarches-et-formations\/","url":"https:\/\/anima-care.fr\/veterinaire\/demarches-et-formations\/","name":"D\u00e9marche Anima Care et formations v\u00e9t\u00e9rinaires \u2013 Anima Care","isPartOf":{"@id":"https:\/\/anima-care.fr\/veterinaire\/#website"},"datePublished":"2023-01-16T12:02:50+00:00","dateModified":"2024-01-15T10:35:10+00:00","description":"S\u2019informer sur notre d\u00e9marche et les outils de formation pour les v\u00e9t\u00e9rinaires (webinaire, e-learning, ressources bibliographiques\u2026) \u2705 Anima Care","breadcrumb":{"@id":"https:\/\/anima-care.fr\/veterinaire\/demarches-et-formations\/#breadcrumb"},"inLanguage":"fr-FR","potentialAction":[{"@type":"ReadAction","target":["https:\/\/anima-care.fr\/veterinaire\/demarches-et-formations\/"]}]},{"@type":"BreadcrumbList","@id":"https:\/\/anima-care.fr\/veterinaire\/demarches-et-formations\/#breadcrumb","itemListElement":[{"@type":"ListItem","position":1,"name":"Home","item":"https:\/\/anima-care.fr\/veterinaire"},{"@type":"ListItem","position":2,"name":"D\u00e9marche et Formations"}]},{"@type":"WebSite","@id":"https:\/\/anima-care.fr\/veterinaire\/#website","url":"https:\/\/anima-care.fr\/veterinaire\/","name":"Anima Care Pro","description":"","publisher":{"@id":"https:\/\/anima-care.fr\/veterinaire\/#organization"},"potentialAction":[{"@type":"SearchAction","target":{"@type":"EntryPoint","urlTemplate":"https:\/\/anima-care.fr\/veterinaire\/?s={search_term_string}"},"query-input":"required name=search_term_string"}],"inLanguage":"fr-FR"},{"@type":"Organization","@id":"https:\/\/anima-care.fr\/veterinaire\/#organization","name":"Anima Care Pro","url":"https:\/\/anima-care.fr\/veterinaire\/","logo":{"@type":"ImageObject","inLanguage":"fr-FR","@id":"https:\/\/anima-care.fr\/veterinaire\/#\/schema\/logo\/image\/","url":"https:\/\/anima-care.fr\/app\/uploads\/sites\/2\/2023\/07\/logo-animacare.svg","contentUrl":"https:\/\/anima-care.fr\/app\/uploads\/sites\/2\/2023\/07\/logo-animacare.svg","width":235,"height":99,"caption":"Anima Care Pro"},"image":{"@id":"https:\/\/anima-care.fr\/veterinaire\/#\/schema\/logo\/image\/"}}]}},"_links":{"self":[{"href":"https:\/\/anima-care.fr\/veterinaire\/wp-json\/wp\/v2\/pages\/1188"}],"collection":[{"href":"https:\/\/anima-care.fr\/veterinaire\/wp-json\/wp\/v2\/pages"}],"about":[{"href":"https:\/\/anima-care.fr\/veterinaire\/wp-json\/wp\/v2\/types\/page"}],"author":[{"embeddable":true,"href":"https:\/\/anima-care.fr\/veterinaire\/wp-json\/wp\/v2\/users\/1"}],"replies":[{"embeddable":true,"href":"https:\/\/anima-care.fr\/veterinaire\/wp-json\/wp\/v2\/comments?post=1188"}],"version-history":[{"count":6,"href":"https:\/\/anima-care.fr\/veterinaire\/wp-json\/wp\/v2\/pages\/1188\/revisions"}],"predecessor-version":[{"id":8228,"href":"https:\/\/anima-care.fr\/veterinaire\/wp-json\/wp\/v2\/pages\/1188\/revisions\/8228"}],"wp:featuredmedia":[{"embeddable":true,"href":"https:\/\/anima-care.fr\/veterinaire\/wp-json\/wp\/v2\/media\/6498"}],"wp:attachment":[{"href":"https:\/\/anima-care.fr\/veterinaire\/wp-json\/wp\/v2\/media?parent=1188"}],"curies":[{"name":"wp","href":"https:\/\/api.w.org\/{rel}","templated":true}]}}