{"id":1197,"date":"2023-01-16T12:09:36","date_gmt":"2023-01-16T12:09:36","guid":{"rendered":"https:\/\/anima-care.fr\/?page_id=1197"},"modified":"2023-11-09T11:04:38","modified_gmt":"2023-11-09T10:04:38","slug":"fiches-conseils","status":"publish","type":"page","link":"https:\/\/anima-care.fr\/veterinaire\/fiches-conseils\/","title":{"rendered":"Fiches conseils"},"content":{"rendered":"    <section class=\"d-none d-sm-block\" title=\"\">\n        <div class=\"header--paralax\">\n            <div class=\"banner__container\">\n                <div class=\"banner__container--information\">\n                                                        <\/div>\n                <div class=\"d-none d-sm-block\">\n                    <svg width=\"1440\" height=\"540\" viewBox=\"0 0 1440 540\" fill=\"none\" xmlns=\"http:\/\/www.w3.org\/2000\/svg\"\n                         style=\"height: 100%; width: 100%;\">\n                        <path d=\"M1440 237.182V495.643C1419.98 484.699 1398.98 474.428 1376.89 464.99C1173.35 377.98 924.631 380.781 637.646 473.307C341.312 568.858 139.894 538.501 31.6642 522.222C20.4534 520.543 9.75398 519.117 0 518.017V0H1440V237.182Z\"\n                              fill=\"url(#breadcrumb)\"\/>\n                        <defs>\n                            <pattern id=\"breadcrumb\" patternUnits=\"userSpaceOnUse\" width=\"100%\" height=\"100%\">\n                                <image href=\"https:\/\/anima-care.fr\/app\/uploads\/sites\/2\/2023\/05\/fille_chien_tarifs-4-1.jpg\"\n                                       x=\"0\"\n                                       y=\"0\" width=\"100%\" height=\"100%\"\/>\n                            <\/pattern>\n                        <\/defs>\n                    <\/svg>\n                <\/div>\n                <div class=\"d-sm-none\">\n                    <svg width=\"320\" height=\"258\" viewBox=\"0 0 320 258\" fill=\"none\" xmlns=\"http:\/\/www.w3.org\/2000\/svg\"\n                         style=\"height: 100%; width: 100%;\">\n                        <defs>\n                            <pattern id=\"img1\" patternUnits=\"userSpaceOnUse\" width=\"100%\" height=\"100%\">\n                                <image href=\"https:\/\/anima-care.fr\/app\/uploads\/sites\/2\/2023\/05\/fille_chien_tarifs-4-1-640x516.jpg\"\n                                       x=\"0\" y=\"0\" width=\"100%\" height=\"100%\"\/>\n                            <\/pattern>\n                        <\/defs>\n                        <path d=\"M320 196.892V249.049C315.551 246.84 310.884 244.768 305.976 242.863C260.745 225.305 205.474 225.87 141.699 244.541C75.8471 263.823 31.0875 257.697 7.0365 254.412C4.54521 254.074 2.16755 253.786 0 253.564V0H320V196.892Z\"\n                              fill=\"url(#img1)\"\/>\n                    <\/svg>\n                <\/div>\n                <section class=\"breadcrumb__container breadcrumb__mobile\"><div class=\"breadcrumb\" aria-label=\"Breadcrumb\"><i class=\"fa-duotone fa-inverse fa-house-blank\"><\/i><\/ol><\/section>            <\/div>\n        <\/div>\n    <\/section> \n\n<section class=\"hide__mobile-header breadcrumb__container\"><div class=\"breadcrumb\" aria-label=\"Breadcrumb\"><i class=\"fa-duotone fa-inverse fa-house-blank\"><\/i><\/ol><\/section>\n\n<section class='container sca-stepper__container   sca-header__b2b'><svg\r\n                    width=\"1440\" height=\"540\"\r\n                    viewBox=\"0 0 1440 540\"\r\n                    fill=\"none\" preserveAspectRatio=\"none\"\r\n                    xmlns=\"http:\/\/www.w3.org\/2000\/svg\"\r\n                    class=\"svg\"\r\n                    style=\"width: 100%;\">\r\n                <path\r\n                    d=\"M1440 237.182V495.643C1419.98 484.699 1398.98 474.428 1376.89 464.99C1173.35 377.98 924.631 380.781 637.646 473.307C341.312 568.858 139.894 538.501 31.6642 522.222C20.4534 520.543 9.75398 519.117 0 518.017V0H1440V237.182Z\"\r\n                    fill=\"url(#stepper-header)\"\r\n                \/>\r\n                <defs>\r\n                    <pattern id=\"stepper-header\" patternUnits=\"userSpaceOnUse\" width=\"100%\" height=\"100%\">\r\n                        <image href=\"https:\/\/anima-care.fr\/app\/uploads\/sites\/2\/2023\/05\/fille_chien_tarifs-4-1.jpg\" x=\"0\" y=\"0\" \/>\r\n                    <\/pattern>\r\n                <\/defs>\r\n            <\/svg><section class=\"breadcrumb__container breadcrumb__mobile\"><div class=\"breadcrumb\" aria-label=\"Breadcrumb\"><i class=\"fa-duotone fa-inverse fa-house-blank\"><\/i><\/ol><\/section><ol class='sca-stepper js-stepper'><li class='sca-stepper__item js-stepper-item active' id=''><a href='#' ><span class='icon'><img src='https:\/\/anima-care.fr\/app\/uploads\/sites\/2\/2023\/03\/fiche-conseil.svg' alt='icon'  alt='' loading='lazy'\/><\/span><div class='sca-stepper__title'>Fiches conseils<\/div><\/a><\/li><li class='sca-stepper__item js-stepper-item ' id=''><a href='https:\/\/anima-care.fr\/veterinaire\/foire-aux-questions\/' ><span class='icon'><img src='https:\/\/anima-care.fr\/app\/uploads\/sites\/2\/2023\/03\/question-reponse.svg' alt='icon'  alt='' loading='lazy'\/><\/span><div class='sca-stepper__title'>Questions-R\u00e9ponses<\/div><\/a><\/li><li class='sca-stepper__item js-stepper-item ' id=''><a href='https:\/\/anima-care.fr\/veterinaire\/lexique\/' ><span class='icon'><img src='https:\/\/anima-care.fr\/app\/uploads\/sites\/2\/2023\/03\/lexique.svg' alt='icon'  alt='' loading='lazy'\/><\/span><div class='sca-stepper__title'>Lexique<\/div><\/a><\/li><li class='sca-stepper__item js-stepper-item ' id=''><a href='https:\/\/anima-care.fr\/veterinaire\/press-room\/' ><span class='icon'><img src='https:\/\/anima-care.fr\/app\/uploads\/sites\/2\/2023\/03\/espace-presse.svg' alt='icon'  alt='' loading='lazy'\/><\/span><div class='sca-stepper__title'>Espace presse<\/div><\/a><\/li>\r\n            <\/ol>\r\n        <\/section>\r\n    \n\n\r\n        <section class='     '>\r\n            <div data-visible='' class='row row__container    justify-content__center  gutter-x__ gutter-y__ js-row'>\r\n    <div class='col col-md-5 col-xs-12  sca-content' ><div class='sca-content__content order-2' ><h1 class='font-size__giga font-weight__bold font-alignment__center font-familly__urban font-color__ margin-bottom__base  margin-bottom-xs__base  title' style=''>Les fiches conseils pour <br>les professionnels v\u00e9t\u00e9rinaires<\/h1><p class='font-size__deca font-weight__medium font-alignment__center font-familly__gotham font-color__ margin-bottom__base   description__noSpace' style='line-height:25px;'>Outil d\u2019information et de p\u00e9dagogie, les fiches conseils Anima Care servent de ressources documentaires aux \u00e9quipes v\u00e9t\u00e9rinaires. \u00c0 destination des familles, elles permettent d\u2019expliquer les diff\u00e9rents types de cr\u00e9mation, le parcours fun\u00e9raire de l\u2019animal ou encore les modalit\u00e9s de connexion au logiciel My Anima Care\u2026<\/p><\/div><\/div>\r\n            <\/div>\r\n        <\/section>\r\n    \n\n\n<section class=\"container bg box--border container--ptb\"><div class=\"cremation-card-container\"><div class=\"swiper swiper__mail-category swiper__mail-category__cremation  swiper-initialized swiper-horizontal swiper-pointer-events swiper-backface-hidden\"><div class=\"swiper-wrapper cremation-wrapper\">    <div class=\"swiper-slide cremation-swipper-item\">\n        <div class=\"card_cremation_v2_base\">\n            <div class=\"tile__image--md\">\n                <img decoding=\"async\" class=\"card_cremation--image\" src=\"https:\/\/anima-care.fr\/app\/uploads\/2023\/06\/carte-sympathie-personnalisee-1-animacare-expert-funeraire-veterinaire.jpg\" alt=\"\"\n                     loading=\"lazy\"\/>\n            <\/div>\n            <div class=\"card_cremation--content\">\n                                    <h2 class=\"heading--l2--cremation text-\"><strong><strong>Messages de sympathie<\/strong><\/strong><\/h2>\n                                                    <h3 class=\"card_cremation--content__number margin-bottom__base  margin-bott text-\">Fiche 1<\/h3>\n                                <div class=\"tile__text--medium\">\n                    Exemples de messages de sympathie \u00e0 adresser aux familles dans les 3 jours qui suivent le d\u00e9c\u00e8s de l\u2019animal.                <\/div>\n            <\/div>\n            \n<section class=\"separator--sm  \"><\/section>\n\n<div class=\"wp-block-funecap-sca-sca-button aligncenter\"><a href=\"https:\/\/anima-care.fr\/app\/uploads\/sites\/2\/2023\/06\/AC_MessageSympathie.pdf\" class=\"rf-btn--outline--primary\" download>T\u00e9l\u00e9charger<i class=\"fa-duotone fa-inverse fa-arrow-down-to-bracket\"><\/i><\/a><\/div>\n\n<section class=\"separator--sm  \"><\/section>\n        <\/div>\n    <\/div>\n    \n\n    <div class=\"swiper-slide cremation-swipper-item\">\n        <div class=\"card_cremation_v2_base\">\n            <div class=\"tile__image--md\">\n                <img decoding=\"async\" class=\"card_cremation--image\" src=\"https:\/\/anima-care.fr\/app\/uploads\/2023\/02\/MicrosoftTeams-image-7-3-scaled.png\" alt=\"\"\n                     loading=\"lazy\"\/>\n            <\/div>\n            <div class=\"card_cremation--content\">\n                                    <h2 class=\"heading--l2--cremation text-\"><strong>Cr\u00e9mation confi\u00e9e<\/strong><\/h2>\n                                                    <h3 class=\"card_cremation--content__number margin-bottom__base  margin-bott text-\">Fiche 2<\/h3>\n                                <div class=\"tile__text--medium\">\n                    Infographie pr\u00e9sentant les diff\u00e9rentes \u00e9tapes du parcours lors d\u2019une demande de cr\u00e9mation confi\u00e9e.                <\/div>\n            <\/div>\n            \n<section class=\"separator--sm  \"><\/section>\n\n<div class=\"wp-block-funecap-sca-sca-button aligncenter\"><a href=\"https:\/\/anima-care.fr\/app\/uploads\/sites\/2\/2023\/06\/AC_A4_Cremationconfiee_V536.pdf\" class=\"rf-btn--outline--primary\" download target=\"&quot;_blank&quot;\" rel=\"noopener\">T\u00e9l\u00e9charger<i class=\"fa-duotone fa-inverse fa-arrow-down-to-bracket\"><\/i><\/a><\/div>\n\n<section class=\"separator--sm  \"><\/section>\n        <\/div>\n    <\/div>\n    \n\n    <div class=\"swiper-slide cremation-swipper-item\">\n        <div class=\"card_cremation_v2_base\">\n            <div class=\"tile__image--md\">\n                <img decoding=\"async\" class=\"card_cremation--image\" src=\"https:\/\/anima-care.fr\/app\/uploads\/2023\/02\/MicrosoftTeams-image-1-scaled.png\" alt=\"\"\n                     loading=\"lazy\"\/>\n            <\/div>\n            <div class=\"card_cremation--content\">\n                                    <h2 class=\"heading--l2--cremation text-\"><strong>Cr\u00e9mation accompagn\u00e9e<\/strong><\/h2>\n                                                    <h3 class=\"card_cremation--content__number margin-bottom__base  margin-bott text-\">Fiche 3<\/h3>\n                                <div class=\"tile__text--medium\">\n                    Infographie pr\u00e9sentant les diff\u00e9rentes \u00e9tapes du parcours lors d\u2019une demande de cr\u00e9mation accompagn\u00e9e.                <\/div>\n            <\/div>\n            \n<section class=\"separator--sm  \"><\/section>\n\n<div class=\"wp-block-funecap-sca-sca-button aligncenter\"><a href=\"https:\/\/anima-care.fr\/app\/uploads\/sites\/2\/2023\/06\/AC_A4_Cremationaccompagnee_V598.pdf\" class=\"rf-btn-outline-primary\" download><i class=\"fa-duotone fa-inverse \"><\/i>T\u00e9l\u00e9charger<i class=\"fa-duotone fa-inverse fa-arrow-down-to-bracket\"><\/i><\/a><\/div>\n\n<section class=\"separator--sm  \"><\/section>\n        <\/div>\n    <\/div>\n    \n\n    <div class=\"swiper-slide cremation-swipper-item\">\n        <div class=\"card_cremation_v2_base\">\n            <div class=\"tile__image--md\">\n                <img decoding=\"async\" class=\"card_cremation--image\" src=\"https:\/\/anima-care.fr\/app\/uploads\/2023\/06\/thumbnail_image001.png\" alt=\"\"\n                     loading=\"lazy\"\/>\n            <\/div>\n            <div class=\"card_cremation--content\">\n                                    <h2 class=\"heading--l2--cremation text-\"><strong>Disposition fun\u00e9raire<\/strong><\/h2>\n                                                    <h3 class=\"card_cremation--content__number margin-bottom__base  margin-bott text-\">Fiche 4<\/h3>\n                                <div class=\"tile__text--medium\">\n                    Une fiche permettant aux familles de structures leurs choix fun\u00e9raires en fonctions des diff\u00e9rentes questions qu\u2019elles peuvent se poser.<br>                <\/div>\n            <\/div>\n            \n<section class=\"separator--sm  \"><\/section>\n\n<div class=\"wp-block-funecap-sca-sca-button aligncenter\"><a href=\"https:\/\/anima-care.fr\/app\/uploads\/sites\/2\/2023\/07\/Fiches-dispo-funeraires7.pdf\" class=\"rf-btn-outline-primary\" download>T\u00e9l\u00e9charger<i class=\"fa-duotone fa-inverse fa-arrow-down-to-bracket\"><\/i><\/a><\/div>\n\n<section class=\"separator--sm  \"><\/section>\n        <\/div>\n    <\/div>\n    <\/div><div class=\"swiper-pagination\"><\/div><\/div><\/div><\/section>\n\n\n\n<section class=\"separator--md  \"><\/section>\n\n\n\n<h3 class=\"wp-block-heading has-text-align-center\">Plus d&rsquo;informations ?<\/h3>\n\n\n\n<div class=\"wp-block-funecap-sca-sca-button aligncenter\"><a href=\"https:\/\/anima-care.fr\/veterinaire\/contact\/\" class=\"rf-btn--primary\">Contacter Anima Care<i class=\"fa-solid fa-duotone fa-envelope\"><\/i><\/a><\/div>\n\n\n\n<section class=\"separator--md  \"><\/section>\n","protected":false},"excerpt":{"rendered":"<p>Plus d&rsquo;informations ?<\/p>\n","protected":false},"author":1,"featured_media":7155,"parent":0,"menu_order":0,"comment_status":"closed","ping_status":"closed","template":"","meta":[],"acf":[],"yoast_head":"<!-- This site is optimized with the Yoast SEO plugin v20.12 - https:\/\/yoast.com\/wordpress\/plugins\/seo\/ -->\n<title>Fiches conseils v\u00e9t\u00e9rinaires \u2013 Anima Care<\/title>\n<meta name=\"description\" content=\"Des informations et conseils pratiques destin\u00e9s aux v\u00e9t\u00e9rinaires pour \u00e9clairer les familles : parcours cr\u00e9matoire, My Anima Care\u2705 Anima Care\" \/>\n<meta name=\"robots\" content=\"index, follow, max-snippet:-1, max-image-preview:large, max-video-preview:-1\" \/>\n<link rel=\"canonical\" href=\"https:\/\/anima-care.fr\/veterinaire\/fiches-conseils\/\" \/>\n<meta property=\"og:locale\" content=\"fr_FR\" \/>\n<meta property=\"og:type\" content=\"article\" \/>\n<meta property=\"og:title\" content=\"Fiches conseils v\u00e9t\u00e9rinaires \u2013 Anima Care\" \/>\n<meta property=\"og:description\" content=\"Des informations et conseils pratiques destin\u00e9s aux v\u00e9t\u00e9rinaires pour \u00e9clairer les familles : parcours cr\u00e9matoire, My Anima Care\u2705 Anima Care\" \/>\n<meta property=\"og:url\" content=\"https:\/\/anima-care.fr\/veterinaire\/fiches-conseils\/\" \/>\n<meta property=\"og:site_name\" content=\"Anima Care Pro\" \/>\n<meta property=\"article:modified_time\" content=\"2023-11-09T10:04:38+00:00\" \/>\n<meta property=\"og:image\" content=\"https:\/\/anima-care.fr\/app\/uploads\/sites\/2\/2023\/05\/fille_chien_tarifs-4-1.jpg\" \/>\n\t<meta property=\"og:image:width\" content=\"1440\" \/>\n\t<meta property=\"og:image:height\" content=\"540\" \/>\n\t<meta property=\"og:image:type\" content=\"image\/jpeg\" \/>\n<meta name=\"twitter:card\" content=\"summary_large_image\" \/>\n<meta name=\"twitter:label1\" content=\"Dur\u00e9e de lecture estim\u00e9e\" \/>\n\t<meta name=\"twitter:data1\" content=\"1 minute\" \/>\n<script type=\"application\/ld+json\" class=\"yoast-schema-graph\">{\"@context\":\"https:\/\/schema.org\",\"@graph\":[{\"@type\":\"WebPage\",\"@id\":\"https:\/\/anima-care.fr\/veterinaire\/fiches-conseils\/\",\"url\":\"https:\/\/anima-care.fr\/veterinaire\/fiches-conseils\/\",\"name\":\"Fiches conseils v\u00e9t\u00e9rinaires \u2013 Anima Care\",\"isPartOf\":{\"@id\":\"https:\/\/anima-care.fr\/veterinaire\/#website\"},\"datePublished\":\"2023-01-16T12:09:36+00:00\",\"dateModified\":\"2023-11-09T10:04:38+00:00\",\"description\":\"Des informations et conseils pratiques destin\u00e9s aux v\u00e9t\u00e9rinaires pour \u00e9clairer les familles : parcours cr\u00e9matoire, My Anima Care\u2705 Anima Care\",\"breadcrumb\":{\"@id\":\"https:\/\/anima-care.fr\/veterinaire\/fiches-conseils\/#breadcrumb\"},\"inLanguage\":\"fr-FR\",\"potentialAction\":[{\"@type\":\"ReadAction\",\"target\":[\"https:\/\/anima-care.fr\/veterinaire\/fiches-conseils\/\"]}]},{\"@type\":\"BreadcrumbList\",\"@id\":\"https:\/\/anima-care.fr\/veterinaire\/fiches-conseils\/#breadcrumb\",\"itemListElement\":[{\"@type\":\"ListItem\",\"position\":1,\"name\":\"Home\",\"item\":\"https:\/\/anima-care.fr\/veterinaire\"},{\"@type\":\"ListItem\",\"position\":2,\"name\":\"Fiches conseils\"}]},{\"@type\":\"WebSite\",\"@id\":\"https:\/\/anima-care.fr\/veterinaire\/#website\",\"url\":\"https:\/\/anima-care.fr\/veterinaire\/\",\"name\":\"Anima Care Pro\",\"description\":\"\",\"publisher\":{\"@id\":\"https:\/\/anima-care.fr\/veterinaire\/#organization\"},\"potentialAction\":[{\"@type\":\"SearchAction\",\"target\":{\"@type\":\"EntryPoint\",\"urlTemplate\":\"https:\/\/anima-care.fr\/veterinaire\/?s={search_term_string}\"},\"query-input\":\"required name=search_term_string\"}],\"inLanguage\":\"fr-FR\"},{\"@type\":\"Organization\",\"@id\":\"https:\/\/anima-care.fr\/veterinaire\/#organization\",\"name\":\"Anima Care Pro\",\"url\":\"https:\/\/anima-care.fr\/veterinaire\/\",\"logo\":{\"@type\":\"ImageObject\",\"inLanguage\":\"fr-FR\",\"@id\":\"https:\/\/anima-care.fr\/veterinaire\/#\/schema\/logo\/image\/\",\"url\":\"https:\/\/anima-care.fr\/app\/uploads\/sites\/2\/2023\/07\/logo-animacare.svg\",\"contentUrl\":\"https:\/\/anima-care.fr\/app\/uploads\/sites\/2\/2023\/07\/logo-animacare.svg\",\"width\":235,\"height\":99,\"caption\":\"Anima Care Pro\"},\"image\":{\"@id\":\"https:\/\/anima-care.fr\/veterinaire\/#\/schema\/logo\/image\/\"}}]}<\/script>\n<!-- \/ Yoast SEO plugin. -->","yoast_head_json":{"title":"Fiches conseils v\u00e9t\u00e9rinaires \u2013 Anima Care","description":"Des informations et conseils pratiques destin\u00e9s aux v\u00e9t\u00e9rinaires pour \u00e9clairer les familles : parcours cr\u00e9matoire, My Anima Care\u2705 Anima Care","robots":{"index":"index","follow":"follow","max-snippet":"max-snippet:-1","max-image-preview":"max-image-preview:large","max-video-preview":"max-video-preview:-1"},"canonical":"https:\/\/anima-care.fr\/veterinaire\/fiches-conseils\/","og_locale":"fr_FR","og_type":"article","og_title":"Fiches conseils v\u00e9t\u00e9rinaires \u2013 Anima Care","og_description":"Des informations et conseils pratiques destin\u00e9s aux v\u00e9t\u00e9rinaires pour \u00e9clairer les familles : parcours cr\u00e9matoire, My Anima Care\u2705 Anima Care","og_url":"https:\/\/anima-care.fr\/veterinaire\/fiches-conseils\/","og_site_name":"Anima Care Pro","article_modified_time":"2023-11-09T10:04:38+00:00","og_image":[{"width":1440,"height":540,"url":"https:\/\/anima-care.fr\/app\/uploads\/sites\/2\/2023\/05\/fille_chien_tarifs-4-1.jpg","type":"image\/jpeg"}],"twitter_card":"summary_large_image","twitter_misc":{"Dur\u00e9e de lecture estim\u00e9e":"1 minute"},"schema":{"@context":"https:\/\/schema.org","@graph":[{"@type":"WebPage","@id":"https:\/\/anima-care.fr\/veterinaire\/fiches-conseils\/","url":"https:\/\/anima-care.fr\/veterinaire\/fiches-conseils\/","name":"Fiches conseils v\u00e9t\u00e9rinaires \u2013 Anima Care","isPartOf":{"@id":"https:\/\/anima-care.fr\/veterinaire\/#website"},"datePublished":"2023-01-16T12:09:36+00:00","dateModified":"2023-11-09T10:04:38+00:00","description":"Des informations et conseils pratiques destin\u00e9s aux v\u00e9t\u00e9rinaires pour \u00e9clairer les familles : parcours cr\u00e9matoire, My Anima Care\u2705 Anima Care","breadcrumb":{"@id":"https:\/\/anima-care.fr\/veterinaire\/fiches-conseils\/#breadcrumb"},"inLanguage":"fr-FR","potentialAction":[{"@type":"ReadAction","target":["https:\/\/anima-care.fr\/veterinaire\/fiches-conseils\/"]}]},{"@type":"BreadcrumbList","@id":"https:\/\/anima-care.fr\/veterinaire\/fiches-conseils\/#breadcrumb","itemListElement":[{"@type":"ListItem","position":1,"name":"Home","item":"https:\/\/anima-care.fr\/veterinaire"},{"@type":"ListItem","position":2,"name":"Fiches conseils"}]},{"@type":"WebSite","@id":"https:\/\/anima-care.fr\/veterinaire\/#website","url":"https:\/\/anima-care.fr\/veterinaire\/","name":"Anima Care Pro","description":"","publisher":{"@id":"https:\/\/anima-care.fr\/veterinaire\/#organization"},"potentialAction":[{"@type":"SearchAction","target":{"@type":"EntryPoint","urlTemplate":"https:\/\/anima-care.fr\/veterinaire\/?s={search_term_string}"},"query-input":"required name=search_term_string"}],"inLanguage":"fr-FR"},{"@type":"Organization","@id":"https:\/\/anima-care.fr\/veterinaire\/#organization","name":"Anima Care Pro","url":"https:\/\/anima-care.fr\/veterinaire\/","logo":{"@type":"ImageObject","inLanguage":"fr-FR","@id":"https:\/\/anima-care.fr\/veterinaire\/#\/schema\/logo\/image\/","url":"https:\/\/anima-care.fr\/app\/uploads\/sites\/2\/2023\/07\/logo-animacare.svg","contentUrl":"https:\/\/anima-care.fr\/app\/uploads\/sites\/2\/2023\/07\/logo-animacare.svg","width":235,"height":99,"caption":"Anima Care Pro"},"image":{"@id":"https:\/\/anima-care.fr\/veterinaire\/#\/schema\/logo\/image\/"}}]}},"_links":{"self":[{"href":"https:\/\/anima-care.fr\/veterinaire\/wp-json\/wp\/v2\/pages\/1197"}],"collection":[{"href":"https:\/\/anima-care.fr\/veterinaire\/wp-json\/wp\/v2\/pages"}],"about":[{"href":"https:\/\/anima-care.fr\/veterinaire\/wp-json\/wp\/v2\/types\/page"}],"author":[{"embeddable":true,"href":"https:\/\/anima-care.fr\/veterinaire\/wp-json\/wp\/v2\/users\/1"}],"replies":[{"embeddable":true,"href":"https:\/\/anima-care.fr\/veterinaire\/wp-json\/wp\/v2\/comments?post=1197"}],"version-history":[{"count":11,"href":"https:\/\/anima-care.fr\/veterinaire\/wp-json\/wp\/v2\/pages\/1197\/revisions"}],"predecessor-version":[{"id":8111,"href":"https:\/\/anima-care.fr\/veterinaire\/wp-json\/wp\/v2\/pages\/1197\/revisions\/8111"}],"wp:featuredmedia":[{"embeddable":true,"href":"https:\/\/anima-care.fr\/veterinaire\/wp-json\/wp\/v2\/media\/7155"}],"wp:attachment":[{"href":"https:\/\/anima-care.fr\/veterinaire\/wp-json\/wp\/v2\/media?parent=1197"}],"curies":[{"name":"wp","href":"https:\/\/api.w.org\/{rel}","templated":true}]}}