{"id":88,"date":"2022-12-16T12:47:57","date_gmt":"2022-12-16T12:47:57","guid":{"rendered":"https:\/\/anima-care.fr\/?page_id=88"},"modified":"2026-02-13T15:38:31","modified_gmt":"2026-02-13T14:38:31","slug":"accueil-veterinaire","status":"publish","type":"page","link":"https:\/\/anima-care.fr\/veterinaire\/","title":{"rendered":"Accueil v\u00e9t\u00e9rinaire"},"content":{"rendered":"    <section class=\"\" title=\"Des services de cr\u00e9mation animale dignes de confiance\">\n        <div class=\"header--paralax\">\n            <div class=\"banner__container\">\n                <div class=\"banner__container--information\">\n                                            <h2 class=\"banner__container__information--title\">Des services de cr\u00e9mation animale dignes de confiance<\/h2>\n                                                                <div>\n                            <a href=\"https:\/\/anima-care.fr\/veterinaire\/devenir-partenaire\/\" id=\"bloc-header-partenariat-animacare-veterinaire\" class=\"rf-btn--primary rf-btn--sm\">\n                                Devenir partenaire                                                                     <i class=\"fa-duotone fa-handshake-angle\"><\/i>\n                                                            <\/a>\n                        <\/div>\n                                    <\/div>\n                <div class=\"d-none d-sm-block\">\n                    <svg width=\"1440\" height=\"540\" viewBox=\"0 0 1440 540\" fill=\"none\" xmlns=\"http:\/\/www.w3.org\/2000\/svg\"\n                         style=\"height: 100%; width: 100%;\">\n                        <path d=\"M1440 237.182V495.643C1419.98 484.699 1398.98 474.428 1376.89 464.99C1173.35 377.98 924.631 380.781 637.646 473.307C341.312 568.858 139.894 538.501 31.6642 522.222C20.4534 520.543 9.75398 519.117 0 518.017V0H1440V237.182Z\"\n                              fill=\"url(#breadcrumb)\"\/>\n                        <defs>\n                            <pattern id=\"breadcrumb\" patternUnits=\"userSpaceOnUse\" width=\"100%\" height=\"100%\">\n                                <image href=\"https:\/\/anima-care.fr\/app\/uploads\/sites\/2\/2023\/01\/Vector-3-3-1440x540.png\"\n                                       x=\"0\"\n                                       y=\"0\" width=\"100%\" height=\"100%\"\/>\n                            <\/pattern>\n                        <\/defs>\n                    <\/svg>\n                <\/div>\n                <div class=\"d-sm-none\">\n                    <svg width=\"320\" height=\"258\" viewBox=\"0 0 320 258\" fill=\"none\" xmlns=\"http:\/\/www.w3.org\/2000\/svg\"\n                         style=\"height: 100%; width: 100%;\">\n                        <defs>\n                            <pattern id=\"img1\" patternUnits=\"userSpaceOnUse\" width=\"100%\" height=\"100%\">\n                                <image href=\"https:\/\/anima-care.fr\/app\/uploads\/sites\/2\/2023\/01\/Vector-3-3-640x516.png\"\n                                       x=\"0\" y=\"0\" width=\"100%\" height=\"100%\"\/>\n                            <\/pattern>\n                        <\/defs>\n                        <path d=\"M320 196.892V249.049C315.551 246.84 310.884 244.768 305.976 242.863C260.745 225.305 205.474 225.87 141.699 244.541C75.8471 263.823 31.0875 257.697 7.0365 254.412C4.54521 254.074 2.16755 253.786 0 253.564V0H320V196.892Z\"\n                              fill=\"url(#img1)\"\/>\n                    <\/svg>\n                <\/div>\n                            <\/div>\n        <\/div>\n    <\/section> \n\n\n<section class=\"separator--sm  \"><\/section>\n\n\n<section class='title__subtitle-container' aria-label='Anima Care, partenaire de confiance des v\u00e9t\u00e9rinaires'><h1 class='font-size__giga font-weight__bold font-alignment__center font-familly__urban font-color__ margin-bottom__base  margin-bottom-xs__base ' style=''>Anima Care, partenaire de confiance des v\u00e9t\u00e9rinaires<\/h1><div class='font-size__deca font-weight__medium font-alignment__center font-familly__urban font-color__ title__subtitle-subtitle description' style=''>L\u2019objectif d\u2019Anima Care ? Accompagner les <a href=\"https:\/\/anima-care.fr\/veterinaire\/devenir-partenaire\/\" target=\"_blank\" rel=\"noreferrer noopener\">cabinets et cliniques v\u00e9t\u00e9rinaires<\/a> dans la prise en charge de la fin de vie animale, en d\u00e9ployant des <a href=\"https:\/\/anima-care.fr\/veterinaire\/les-services-de-cremation\/\" target=\"_blank\" rel=\"noreferrer noopener\">services de cr\u00e9mation<\/a> \u00e0 la fois respectueux de l\u2019animal et dignes de la confiance des v\u00e9t\u00e9rinaires et des familles.<\/div><\/section>\n\n\n<section class=\"separator--sm  \"><\/section>\n\n\n\n<section data-tag=\"\" class=\"container container--white box--border border--shadow      \n        \n        \">\r\n        <div class='card--image--v1'>\r\n            <img style='object-fit:cover;border-radius:10px;' src='https:\/\/anima-care.fr\/app\/uploads\/sites\/2\/2023\/12\/iStock-916855756-4-scaled.jpg' alt='' loading='lazy'\/>\r\n        <\/div>\r\n    \n\n\n<section class=\"container--white box--border border--shadow picto-container\"><h2 class=\"title-paragraphe-picto \">Le partenariat Anima Care &amp; v\u00e9t\u00e9rinaires<\/h2><div class=\"row\"><div class=\"col-md-4 col-xs-12\"><div class=\"paragraphe_content\"><div class=\"imgIconContainer\"><img decoding=\"async\" src=\"\/app\/uploads\/2023\/02\/paw-duotone-btb.png\" alt=\"icon pet hand\"\/><\/div><div>Des cr\u00e9mations respectueuses de l\u2019animal<p class=\"paragraphe-text-btb\">Quatre types de cr\u00e9mation pour r\u00e9pondre aux attentes des familles \u2013 cr\u00e9mation individuelle ou plurielle, accompagn\u00e9e ou confi\u00e9e.<\/p><\/div><\/div><\/div><div class=\"col-md-4 col-xs-12\"><div class=\"paragraphe_content\"><div class=\"imgIconContainer\"><img decoding=\"async\" src=\"\/app\/uploads\/2023\/02\/paw-duotone-btb.png\" alt=\"icon pet hand\"\/><\/div><div>Des ressources formatives et offres de formation<a href=\"https:\/\/anima-care.fr\/veterinaire\/demarches-et-formations\/webinaire\/\" target=\"_blank\" rel=\"noreferrer noopener\">Webinaires<\/a>, modules <a href=\"https:\/\/anima-care.fr\/veterinaire\/demarches-et-formations\/e-learning\/\" target=\"_blank\" rel=\"noreferrer noopener\">e-learning<\/a> et formations intra-clinique\u2026 des parcours p\u00e9dagogiques \u00e0 destination des \u00e9quipes v\u00e9t\u00e9rinaires.<\/div><\/div><\/div><div class=\"col-md-4 col-xs-12\"><div class=\"paragraphe_content\"><div class=\"imgIconContainer\"><img decoding=\"async\" src=\"\/app\/uploads\/2023\/02\/paw-duotone-btb.png\" alt=\"icon pet hand\"\/><\/div><div>Des services fun\u00e9raires et produits v\u00e9t\u00e9rinairesAccompagner la prise en charge de la fin de vie avec des consommables, outils de communication et \u00e9quipements d\u00e9di\u00e9s.<\/div><\/div><\/div><\/div><\/section>\n\n\n\n<h3 class=\"wp-block-heading has-text-align-center\">Devenir partenaire<\/h3>\n\n\n\n<div class=\"wp-block-funecap-sca-sca-button aligncenter\"><a href=\"https:\/\/anima-care.fr\/veterinaire\/devenir-partenaire\/\" class=\"rf-btn--primary\">D\u00e9couvrir les avantages<i class=\"fa-solid sca-icon-anima-care\"><\/i><\/a><\/div>\n\n\n\n<section class=\"separator--sm  \"><\/section>\n<\/section>\n\n\n\n<section class=\"separator--sm  \"><\/section>\n\n\n<section class='title__subtitle-container' aria-label='La d\u00e9marche Anima Care'><h2 class='font-size__mega font-weight__medium font-alignment__center font-familly__urban font-color__ margin-bottom__base  margin-bottom-xs__base title__subtitle-title' style=''>La d\u00e9marche Anima Care<\/h2><\/section>\n\n\r\n        <section class='container__md     '>\r\n            <div data-visible='' class='row row__container    justify-content__center  gutter-x__10 gutter-y__ js-row'>\r\n    <div class='col col-md-6 col-xs-12  sca-content' ><div class='sca-content__content order-2' ><span class='font-size__hecto font-weight__medium font-alignment__inherit font-familly__gotham font-color__ margin-bottom__base  margin-bottom-xs__base  title' style=''>Expert du fun\u00e9raire animalier\u2026<\/span><p class='font-size__base font-weight__regular font-alignment__inherit font-familly__gotham font-color__ margin-bottom__base   description__noSpace' style='line-height:22px;'>Fond\u00e9e en 2018 par un v\u00e9t\u00e9rinaire pour les v\u00e9t\u00e9rinaires, Anima Care ambitionne d\u2019am\u00e9liorer et de moderniser le parcours de fin de vie des animaux domestiques afin d\u2019enrichir ce moment unique de la relation triangulaire &#8211; animal, famille et \u00e9quipe v\u00e9t\u00e9rinaire.<\/p><\/div><\/div><div class='col col-md-6 col-xs-12  sca-content' ><div class='sca-content__content order-2' ><span class='font-size__hecto font-weight__medium font-alignment__inherit font-familly__gotham font-color__ margin-bottom__base  margin-bottom-xs__base  title' style=''>\u2026 aupr\u00e8s des v\u00e9t\u00e9rinaires et des familles<\/span><p class='font-size__base font-weight__regular font-alignment__inherit font-familly__gotham font-color__ margin-bottom__base   description__noSpace' style='line-height:23px;'>La d\u00e9marche Anima Care s\u2019applique que l\u2019animal d\u00e9c\u00e8de de mort naturelle ou d\u2019euthanasie, que son corps soit restitu\u00e9 \u00e0 la famille ou confi\u00e9 \u00e0 la cr\u00e9mation. C\u2019est LA solution fun\u00e9raire optimale, soucieuse \u00e0 la fois du respect d\u00fb \u00e0 l\u2019animal et des valeurs \u00e9thiques des v\u00e9t\u00e9rinaires.<\/p><\/div><\/div>\r\n            <\/div>\r\n        <\/section>\r\n    \n\n\n<section class=\"separator--sm  \"><\/section>\n\n\n<section class='title__subtitle-container' aria-label='Permettre aux familles de choisir les obs\u00e8ques de leur animal de compagnie'><h2 class='font-size__mega font-weight__medium font-alignment__center font-familly__urban font-color__ margin-bottom__base  margin-bottom-xs__base title__subtitle-title' style=''>Permettre aux familles de choisir les obs\u00e8ques de leur animal de compagnie<\/h2><\/section>\n\n\r\n        <section class='container__md     '>\r\n            <div data-visible='' class='row row__container    justify-content__center  gutter-x__10 gutter-y__ js-row'>\r\n    <div class='col col-md-6 col-xs-12  sca-content' ><div class='sca-content__content order-2' ><span class='font-size__hecto font-weight__medium font-alignment__inherit font-familly__gotham font-color__ margin-bottom__base  margin-bottom-xs__base  title' style=''>Cr\u00e9mation individuelle ou plurielle ?<\/span><p class='font-size__base font-weight__regular font-alignment__inherit font-familly__gotham font-color__ margin-bottom__base   description__noSpace' style='line-height:22px;'>Avec Anima Care, la cr\u00e9mation individuelle des animaux est vraiment individuelle. Le corps de l\u2019animal est dispos\u00e9 dans une cellule cloisonn\u00e9e et parfaitement isol\u00e9e afin de certifier l\u2019identification des cendres restitu\u00e9es.<br>Dans le cas d\u2019une cr\u00e9mation plurielle, les animaux sont cr\u00e9matis\u00e9s collectivement. La s\u00e9paration et restitution des cendres est donc impossible. <\/p><\/div><\/div><div class='col col-md-6 col-xs-12  sca-content' ><div class='sca-content__content order-2' ><span class='font-size__hecto font-weight__medium font-alignment__inherit font-familly__gotham font-color__ margin-bottom__base  margin-bottom-xs__base  title' style=''>Cr\u00e9mation accompagn\u00e9e ou confi\u00e9e ?<\/span><p class='font-size__base font-weight__regular font-alignment__inherit font-familly__gotham font-color__ margin-bottom__base   description__noSpace' style='line-height:23px;'>Anima Care met tout en \u0153uvre pour soutenir au mieux la famille en deuil de son animal de compagnie.<br>Cr\u00e9mation individuelle ou plurielle, le mod\u00e8le \u00ab accompagn\u00e9 \u00bb permet de rendre un dernier hommage \u00e0 son chien ou \u00e0 son chat. L\u2019\u00e9quipe du cr\u00e9matorium animalier met \u00e0 disposition un salon priv\u00e9 pour un recueillement en toute intimit\u00e9.<\/p><\/div><\/div>\r\n            <\/div>\r\n        <\/section>\r\n    \n\n\n<section class=\"container bg box--border container--ptb\"><h2 class=\"tile_teams-title mz-top\">Les services de cr\u00e9mation pour animaux<\/h2><div class=\"cremation-card-container\"><div class=\"swiper swiper__mail-category swiper__mail-category__cremation  swiper-initialized swiper-horizontal swiper-pointer-events swiper-backface-hidden\"><div class=\"swiper-wrapper cremation-wrapper\">\n    <div class=\"swiper-slide cremation-swipper-item\">\n        <div class=\"card_cremation_v2_base\">\n            <div class=\"tile__image--md\">\n                <img decoding=\"async\" class=\"card_cremation--image\" src=\"https:\/\/anima-care.fr\/app\/uploads\/2023\/02\/MicrosoftTeams-image-1-scaled.png\" alt=\"\"\n                     loading=\"lazy\"\/>\n            <\/div>\n            <div class=\"card_cremation--content\">\n                                    <h2 class=\"heading--l2--cremation text-\">La cr\u00e9mation individuelle<br>accompagn\u00e9e<\/h2>\n                                                    <h3 class=\"card_cremation--content__number margin-bottom__base  margin-bott text-\"><\/h3>\n                                <div class=\"tile__text--medium\">\n                    La famille est pr\u00e9sente au cr\u00e9matorium animalier pour un dernier adieu \u00e0 son chien ou chat. La cr\u00e9mation individuelle de l\u2019animal permet, par la suite, la restitution des cendres.                <\/div>\n            <\/div>\n            \n<section class=\"separator--sm  \"><\/section>\n        <\/div>\n    <\/div>\n    \n    <div class=\"swiper-slide cremation-swipper-item\">\n        <div class=\"card_cremation_v2_base\">\n            <div class=\"tile__image--md\">\n                <img decoding=\"async\" class=\"card_cremation--image\" src=\"https:\/\/anima-care.fr\/app\/uploads\/2023\/02\/MicrosoftTeams-image-7-3-scaled.png\" alt=\"\"\n                     loading=\"lazy\"\/>\n            <\/div>\n            <div class=\"card_cremation--content\">\n                                    <h2 class=\"heading--l2--cremation text-\">La cr\u00e9mation individuelle<br>confi\u00e9e<\/h2>\n                                                    <h3 class=\"card_cremation--content__number margin-bottom__base  margin-bott text-\"><\/h3>\n                                <div class=\"tile__text--medium\">\n                    La famille confie son animal au v\u00e9t\u00e9rinaire, qui le transmet aux \u00e9quipes d\u2019Anima Care. La d\u00e9pouille est cr\u00e9matis\u00e9e seule permettant, par la suite, la restitution des cendres.                <\/div>\n            <\/div>\n            \n<section class=\"separator--sm  \"><\/section>\n        <\/div>\n    <\/div>\n    \n    <div class=\"swiper-slide cremation-swipper-item\">\n        <div class=\"card_cremation_v2_base\">\n            <div class=\"tile__image--md\">\n                <img decoding=\"async\" class=\"card_cremation--image\" src=\"https:\/\/anima-care.fr\/app\/uploads\/2023\/02\/MicrosoftTeams-image-4-2-scaled.png\" alt=\"\"\n                     loading=\"lazy\"\/>\n            <\/div>\n            <div class=\"card_cremation--content\">\n                                    <h2 class=\"heading--l2--cremation text-\">La cr\u00e9mation plurielle<br>accompagn\u00e9e<\/h2>\n                                                    <h3 class=\"card_cremation--content__number margin-bottom__base  margin-bott text-\"><\/h3>\n                                <div class=\"tile__text--medium\">\n                    La famille est pr\u00e9sente au cr\u00e9matorium pour rendre un dernier hommage. L\u2019animal est cr\u00e9matis\u00e9 avec d\u2019autres animaux rendant impossible la restitution des cendres fun\u00e9raires.                <\/div>\n            <\/div>\n                    <\/div>\n    <\/div>\n    \n    <div class=\"swiper-slide cremation-swipper-item\">\n        <div class=\"card_cremation_v2_base\">\n            <div class=\"tile__image--md\">\n                <img decoding=\"async\" class=\"card_cremation--image\" src=\"https:\/\/anima-care.fr\/app\/uploads\/2023\/02\/MicrosoftTeams-image-9.png\" alt=\"\"\n                     loading=\"lazy\"\/>\n            <\/div>\n            <div class=\"card_cremation--content\">\n                                    <h2 class=\"heading--l2--cremation text-\">La cr\u00e9mation plurielle<br>confi\u00e9e<\/h2>\n                                                    <h3 class=\"card_cremation--content__number margin-bottom__base  margin-bott text-\"><\/h3>\n                                <div class=\"tile__text--medium\">\n                    La famille confie son animal au v\u00e9t\u00e9rinaire pour prise en charge par Anima Care. Celui-ci est cr\u00e9matis\u00e9 avec d\u2019autres animaux rendant impossible la restitution des cendres fun\u00e9raires.                <\/div>\n            <\/div>\n            \n<section class=\"separator--sm  \"><\/section>\n        <\/div>\n    <\/div>\n    \n<\/div><div class=\"swiper-pagination\"><\/div><\/div><\/div><a href=\"https:\/\/anima-care.fr\/veterinaire\/les-services-de-cremation\/\" id=\"bloc-prestations-cremations\" class=\"rf-btn-outline-primary mx-auto\">En savoir plus<span><i class=\"fa-solid fa-circle-chevron-right\"><\/i><\/span><\/a><\/section>\n\n\n\n<section class=\"separator--sm  \"><\/section>\n\n\n\n<section class=\"separator--sm  \"><\/section>\n\n\n<section class='title__subtitle-container' aria-label='Les valeurs &amp; engagements Anima Care'><h2 class='font-size__mega font-weight__medium font-alignment__center font-familly__urban font-color__primary-medium margin-bottom__base  margin-bottom-xs__base title__subtitle-title' style=''>Les valeurs &amp; engagements Anima Care<\/h2><\/section>\n\n\n<section class=\"container--engagement\" aria-label=\"\"><div class=\"swiper offer-swipper\"><div class=\"swiper-wrapper\">\n<div class=\"swiper-slide\"><div class=\"card--engagement\"><h2 class=\"card--engagement--titre\">D\u00e9marche \u00e9cologique<\/h2><div class=\"card--engagement--description\">Des actions soci\u00e9tales concr\u00e8tes : filtration des appareils cr\u00e9matoires pour r\u00e9duire l\u2019impact sur l\u2019environnement, gratuit\u00e9 des services aux animaux d\u2019assistance\u2026<\/div><\/div><\/div>\n\n\n\n<div class=\"swiper-slide\"><div class=\"card--engagement\"><h2 class=\"card--engagement--titre\">Respect des v\u00e9t\u00e9rinaires<\/h2><div class=\"card--engagement--description\">Les \u00e9quipes d\u2019Anima Care respecteront toujours le r\u00f4le primordial des cabinets et cliniques v\u00e9t\u00e9rinaires dans la gestion de la fin de vie des animaux de compagnie.<\/div><\/div><\/div>\n\n\n\n<div class=\"swiper-slide\"><div class=\"card--engagement\"><h2 class=\"card--engagement--titre\">Dignit\u00e9 de l\u2019animal<\/h2><div class=\"card--engagement--description\">Le respect de l\u2019animal m\u00eame apr\u00e8s sa mort : Anima Care propose la fourniture de housses mortuaires adapt\u00e9es aux d\u00e9pouilles de tous les animaux domestiques.<\/div><\/div><\/div>\n<\/div><div class=\"swiper-pagination\"><\/div><\/div><\/section>\n\n\n\n<section class=\"teams-container\" aria-label=\"L\u2019\u00e9quipe Anima Care\"><h2 class=\"tile_teams-title\">L\u2019\u00e9quipe Anima Care<\/h2><div class=\"tile_teams-subtitle\">Anima Care s\u2019appuie sur des professionnels du monde v\u00e9t\u00e9rinaire. Toutes les \u00e9quipes, au si\u00e8ge social ou au sein des cr\u00e9matoriums animaliers sont au service des \u00e9tablissements v\u00e9t\u00e9rinaires et des familles.<\/div><div class=\" swiper swiper__mail-category swiper-initialized swiper-horizontal swiper-pointer-events swiper-backface-hidden tile_teams-container swiper hidden-overflow \"><div class=\"swiper__team\"><div class=\"swiper-wrapper\">\n<div class=\"tile_teams_card swiper-slide \"><div class=\"tile_teams_card-image\"><img decoding=\"async\" class=\"tile_teams_card-image\" src=\"https:\/\/anima-care.fr\/app\/uploads\/2023\/02\/Antoine_2-1-1.jpg\" alt=\"\" loading=\"lazy\"\/><\/div><h3 class=\"tile_teams_card-title\">Antoine S\u00e9n\u00e9caut<\/h3><div class=\"tile_teams_card-fonction\">Directeur g\u00e9n\u00e9ral Europe<\/div><div class=\"tile_teams_card-description\"><\/div><a href=\"https:\/\/www.linkedin.com\/in\/antoine-s%C3%A9n%C3%A9caut-4886b246\/\" id=\"\" class=\"\"><i class=\"fa-brands fa-linkedin\"><\/i><\/a><\/div>\n\n\n\n<div class=\"tile_teams_card swiper-slide \"><div class=\"tile_teams_card-image\"><img decoding=\"async\" class=\"tile_teams_card-image\" src=\"https:\/\/anima-care.fr\/app\/uploads\/2023\/02\/Jean_Francois_2-2.jpg\" alt=\"\" loading=\"lazy\"\/><\/div><h3 class=\"tile_teams_card-title\">Jean-Fran\u00e7ois Millon<\/h3><div class=\"tile_teams_card-fonction\">Directeur G\u00e9n\u00e9ral France<\/div><div class=\"tile_teams_card-description\"><\/div><a href=\"https:\/\/www.linkedin.com\/in\/jean-fran\u00e7ois-millon-99ab8210b\/\" id=\"\" class=\"\"><i class=\"fa-brands fa-linkedin\"><\/i><\/a><\/div>\n<\/div><div class=\"swiper-button-next tile_teams__swiper-navBtn\"><\/div><div class=\"swiper-button-prev tile_teams__swiper-navBtn\"><\/div><div class=\"custom-pagination swiper-pagination \"><\/div><\/div><\/div><\/section>\n\n\n\n<section class=\"separator--md  \"><\/section>\n","protected":false},"excerpt":{"rendered":"","protected":false},"author":1,"featured_media":0,"parent":0,"menu_order":0,"comment_status":"closed","ping_status":"closed","template":"","meta":[],"acf":[],"yoast_head":"<!-- This site is optimized with the Yoast SEO plugin v20.12 - https:\/\/yoast.com\/wordpress\/plugins\/seo\/ -->\n<title>Anima Care \u2013 Services de cr\u00e9mation animale \u2013 Partenaire des v\u00e9t\u00e9rinaires<\/title>\n<meta name=\"description\" content=\"Accompagner les \u00e9quipes v\u00e9t\u00e9rinaires dans la gestion de la fin de vie des animaux. Services de cr\u00e9mation animale\u2026 \u2705 Anima Care\" \/>\n<meta name=\"robots\" content=\"index, follow, max-snippet:-1, max-image-preview:large, max-video-preview:-1\" \/>\n<link rel=\"canonical\" href=\"https:\/\/anima-care.fr\/veterinaire\/\" \/>\n<meta property=\"og:locale\" content=\"fr_FR\" \/>\n<meta property=\"og:type\" content=\"article\" \/>\n<meta property=\"og:title\" content=\"Anima Care \u2013 Services de cr\u00e9mation animale \u2013 Partenaire des v\u00e9t\u00e9rinaires\" \/>\n<meta property=\"og:description\" content=\"Accompagner les \u00e9quipes v\u00e9t\u00e9rinaires dans la gestion de la fin de vie des animaux. Services de cr\u00e9mation animale\u2026 \u2705 Anima Care\" \/>\n<meta property=\"og:url\" content=\"https:\/\/anima-care.fr\/veterinaire\/\" \/>\n<meta property=\"og:site_name\" content=\"Anima Care Pro\" \/>\n<meta property=\"article:modified_time\" content=\"2026-02-13T14:38:31+00:00\" \/>\n<meta property=\"og:image\" content=\"https:\/\/anima-care.fr\/app\/uploads\/2023\/02\/Antoine_2-1-1.jpg\" \/>\n<meta name=\"twitter:card\" content=\"summary_large_image\" \/>\n<meta name=\"twitter:label1\" content=\"Dur\u00e9e de lecture estim\u00e9e\" \/>\n\t<meta name=\"twitter:data1\" content=\"3 minutes\" \/>\n<script type=\"application\/ld+json\" class=\"yoast-schema-graph\">{\"@context\":\"https:\/\/schema.org\",\"@graph\":[{\"@type\":\"WebPage\",\"@id\":\"https:\/\/anima-care.fr\/veterinaire\/\",\"url\":\"https:\/\/anima-care.fr\/veterinaire\/\",\"name\":\"Anima Care \u2013 Services de cr\u00e9mation animale \u2013 Partenaire des v\u00e9t\u00e9rinaires\",\"isPartOf\":{\"@id\":\"https:\/\/anima-care.fr\/veterinaire\/#website\"},\"datePublished\":\"2022-12-16T12:47:57+00:00\",\"dateModified\":\"2026-02-13T14:38:31+00:00\",\"description\":\"Accompagner les \u00e9quipes v\u00e9t\u00e9rinaires dans la gestion de la fin de vie des animaux. Services de cr\u00e9mation animale\u2026 \u2705 Anima Care\",\"inLanguage\":\"fr-FR\",\"potentialAction\":[{\"@type\":\"ReadAction\",\"target\":[\"https:\/\/anima-care.fr\/veterinaire\/\"]}]},{\"@type\":\"WebSite\",\"@id\":\"https:\/\/anima-care.fr\/veterinaire\/#website\",\"url\":\"https:\/\/anima-care.fr\/veterinaire\/\",\"name\":\"Anima Care Pro\",\"description\":\"\",\"publisher\":{\"@id\":\"https:\/\/anima-care.fr\/veterinaire\/#organization\"},\"potentialAction\":[{\"@type\":\"SearchAction\",\"target\":{\"@type\":\"EntryPoint\",\"urlTemplate\":\"https:\/\/anima-care.fr\/veterinaire\/?s={search_term_string}\"},\"query-input\":\"required name=search_term_string\"}],\"inLanguage\":\"fr-FR\"},{\"@type\":\"Organization\",\"@id\":\"https:\/\/anima-care.fr\/veterinaire\/#organization\",\"name\":\"Anima Care Pro\",\"url\":\"https:\/\/anima-care.fr\/veterinaire\/\",\"logo\":{\"@type\":\"ImageObject\",\"inLanguage\":\"fr-FR\",\"@id\":\"https:\/\/anima-care.fr\/veterinaire\/#\/schema\/logo\/image\/\",\"url\":\"https:\/\/anima-care.fr\/app\/uploads\/sites\/2\/2023\/07\/logo-animacare.svg\",\"contentUrl\":\"https:\/\/anima-care.fr\/app\/uploads\/sites\/2\/2023\/07\/logo-animacare.svg\",\"width\":235,\"height\":99,\"caption\":\"Anima Care Pro\"},\"image\":{\"@id\":\"https:\/\/anima-care.fr\/veterinaire\/#\/schema\/logo\/image\/\"}}]}<\/script>\n<!-- \/ Yoast SEO plugin. -->","yoast_head_json":{"title":"Anima Care \u2013 Services de cr\u00e9mation animale \u2013 Partenaire des v\u00e9t\u00e9rinaires","description":"Accompagner les \u00e9quipes v\u00e9t\u00e9rinaires dans la gestion de la fin de vie des animaux. Services de cr\u00e9mation animale\u2026 \u2705 Anima Care","robots":{"index":"index","follow":"follow","max-snippet":"max-snippet:-1","max-image-preview":"max-image-preview:large","max-video-preview":"max-video-preview:-1"},"canonical":"https:\/\/anima-care.fr\/veterinaire\/","og_locale":"fr_FR","og_type":"article","og_title":"Anima Care \u2013 Services de cr\u00e9mation animale \u2013 Partenaire des v\u00e9t\u00e9rinaires","og_description":"Accompagner les \u00e9quipes v\u00e9t\u00e9rinaires dans la gestion de la fin de vie des animaux. Services de cr\u00e9mation animale\u2026 \u2705 Anima Care","og_url":"https:\/\/anima-care.fr\/veterinaire\/","og_site_name":"Anima Care Pro","article_modified_time":"2026-02-13T14:38:31+00:00","og_image":[{"url":"https:\/\/anima-care.fr\/app\/uploads\/2023\/02\/Antoine_2-1-1.jpg"}],"twitter_card":"summary_large_image","twitter_misc":{"Dur\u00e9e de lecture estim\u00e9e":"3 minutes"},"schema":{"@context":"https:\/\/schema.org","@graph":[{"@type":"WebPage","@id":"https:\/\/anima-care.fr\/veterinaire\/","url":"https:\/\/anima-care.fr\/veterinaire\/","name":"Anima Care \u2013 Services de cr\u00e9mation animale \u2013 Partenaire des v\u00e9t\u00e9rinaires","isPartOf":{"@id":"https:\/\/anima-care.fr\/veterinaire\/#website"},"datePublished":"2022-12-16T12:47:57+00:00","dateModified":"2026-02-13T14:38:31+00:00","description":"Accompagner les \u00e9quipes v\u00e9t\u00e9rinaires dans la gestion de la fin de vie des animaux. Services de cr\u00e9mation animale\u2026 \u2705 Anima Care","inLanguage":"fr-FR","potentialAction":[{"@type":"ReadAction","target":["https:\/\/anima-care.fr\/veterinaire\/"]}]},{"@type":"WebSite","@id":"https:\/\/anima-care.fr\/veterinaire\/#website","url":"https:\/\/anima-care.fr\/veterinaire\/","name":"Anima Care Pro","description":"","publisher":{"@id":"https:\/\/anima-care.fr\/veterinaire\/#organization"},"potentialAction":[{"@type":"SearchAction","target":{"@type":"EntryPoint","urlTemplate":"https:\/\/anima-care.fr\/veterinaire\/?s={search_term_string}"},"query-input":"required name=search_term_string"}],"inLanguage":"fr-FR"},{"@type":"Organization","@id":"https:\/\/anima-care.fr\/veterinaire\/#organization","name":"Anima Care Pro","url":"https:\/\/anima-care.fr\/veterinaire\/","logo":{"@type":"ImageObject","inLanguage":"fr-FR","@id":"https:\/\/anima-care.fr\/veterinaire\/#\/schema\/logo\/image\/","url":"https:\/\/anima-care.fr\/app\/uploads\/sites\/2\/2023\/07\/logo-animacare.svg","contentUrl":"https:\/\/anima-care.fr\/app\/uploads\/sites\/2\/2023\/07\/logo-animacare.svg","width":235,"height":99,"caption":"Anima Care Pro"},"image":{"@id":"https:\/\/anima-care.fr\/veterinaire\/#\/schema\/logo\/image\/"}}]}},"_links":{"self":[{"href":"https:\/\/anima-care.fr\/veterinaire\/wp-json\/wp\/v2\/pages\/88"}],"collection":[{"href":"https:\/\/anima-care.fr\/veterinaire\/wp-json\/wp\/v2\/pages"}],"about":[{"href":"https:\/\/anima-care.fr\/veterinaire\/wp-json\/wp\/v2\/types\/page"}],"author":[{"embeddable":true,"href":"https:\/\/anima-care.fr\/veterinaire\/wp-json\/wp\/v2\/users\/1"}],"replies":[{"embeddable":true,"href":"https:\/\/anima-care.fr\/veterinaire\/wp-json\/wp\/v2\/comments?post=88"}],"version-history":[{"count":40,"href":"https:\/\/anima-care.fr\/veterinaire\/wp-json\/wp\/v2\/pages\/88\/revisions"}],"predecessor-version":[{"id":8836,"href":"https:\/\/anima-care.fr\/veterinaire\/wp-json\/wp\/v2\/pages\/88\/revisions\/8836"}],"wp:attachment":[{"href":"https:\/\/anima-care.fr\/veterinaire\/wp-json\/wp\/v2\/media?parent=88"}],"curies":[{"name":"wp","href":"https:\/\/api.w.org\/{rel}","templated":true}]}}